{"id":9909,"date":"2024-05-31T19:28:59","date_gmt":"2024-05-31T19:28:59","guid":{"rendered":"https:\/\/capacitacionhospitaldechillan.cl\/home\/?post_type=product&#038;p=9909"},"modified":"2025-03-04T19:25:33","modified_gmt":"2025-03-04T19:25:33","slug":"5076-practicas-de-sedoanalgesia-dolor-y-delirio-en-upc-grupo-2","status":"publish","type":"product","link":"https:\/\/capacitacionhospitaldechillan.cl\/home\/producto\/5076-practicas-de-sedoanalgesia-dolor-y-delirio-en-upc-grupo-2\/","title":{"rendered":"5076 &#8211;  Pr\u00e1cticas de Sedoanalgesia, Dolor y Delirio en UPC, Grupo 2"},"content":{"rendered":"<p>&nbsp;<\/p>\n<table id=\"tabla-contenido\" class=\"default\">\n<tbody>\n<tr>\n<td><strong>Objetivo de Aprendizaje<\/strong><\/td>\n<td>Aplicar t\u00e9cnicas de sedoanalgesia en proceso de dolor y delirio en pacientes adultos en estado critico, de acuerdo a los est\u00e1ndares de calidad y seguridad de la atenci\u00f3n.<\/td>\n<\/tr>\n<tr>\n<td><strong>Contenidos<\/strong><\/td>\n<td>\n<ul>\n<li>Manejo de la Sedoanalgesia.<\/li>\n<li>Monitorizaci\u00f3n instrumental de Sedoanalgesia<\/li>\n<li>Manejo del Dolor.<\/li>\n<li>Prevenci\u00f3n y manejo del Delirium<\/li>\n<li>Consecuencias de la estad\u00eda en UCI<\/li>\n<li>S\u00edndrome post cuidados<\/li>\n<\/ul>\n<\/td>\n<\/tr>\n<tr>\n<td><strong>Sistema de Evaluaci\u00f3n<\/strong><\/td>\n<td><strong>Evaluaci\u00f3n de Satisfacci\u00f3n o Reacci\u00f3n:<\/strong> La encuesta de satisfacci\u00f3n o reacci\u00f3n se realiza al t\u00e9rmino de la actividad, esta encuesta permitir\u00e1 medir la satisfacci\u00f3n de los participantes y la mejora continua de nuestras c\u00e1psulas online, el formato lo podr\u00e1 encontrar en la plataforma Moodle de nuestro curso. Este instrumento es requisito para la obtenci\u00f3n de su certificado.<\/p>\n<p><strong>Evaluaci\u00f3n de Aprendizaje:<\/strong> La capacitaci\u00f3n cuenta con 1 evaluaci\u00f3n final la cual estar\u00e1 disponible en la plataforma, desde el 20 al 28 de Junio 2024 para todos los grupos.<\/p>\n<p><strong>Importante:<\/strong> Para aprobar el curso la calificaci\u00f3n debe ser igual o superior a 4.0<\/td>\n<\/tr>\n<tr>\n<td><strong>Certificaci\u00f3n<\/strong><\/td>\n<td>La actividad ser\u00e1 certificada por la Secci\u00f3n de Capacitaci\u00f3n del Hospital Cl\u00ednico Herminda Mart\u00edn, cuyo certificado podr\u00e1 ser obtenido directamente desde la plataforma Moodle los participantes que hayan aprobado el curso y realizado la Encuesta de Satisfacci\u00f3n.<\/td>\n<\/tr>\n<tr>\n<td><strong>Referente t\u00e9cnico<\/strong><\/td>\n<td>EU. Loreto Avilez, EU. Yoselin Riquelme, KNT Carlos Montecinos<\/td>\n<\/tr>\n<tr>\n<td><strong>Consideraciones Generales<\/strong><\/td>\n<td>El proceso de selecci\u00f3n y publicaci\u00f3n de los participantes se efectuar\u00e1 en la siguiente fecha:<\/p>\n<p><strong>\u00a0 \u00a0 \u00a0 \u00a0 \u00a0 \u00a0 \u00a0 \u00a0 \u00a0 \u00a0 \u00a0 \u00a0 \u00a0 \u00a0 \u00a0 \u00a0 Viernes\u00a0 07 de junio de 2024<\/strong><\/p>\n<ul>\n<li>De no contar con un cupo m\u00ednimo de 20 funcionarios por grupo, Secci\u00f3n de Capacitaci\u00f3n se reserva la acci\u00f3n de suspender la actividad o reprogramarla.<\/li>\n<li>Aquellos funcionarios que sean seleccionados a una actividad organizada y convocada por la Secci\u00f3n de Capacitaci\u00f3n del hospital Cl\u00ednico Herminda Mart\u00edn y que no puedan realizar el curso, deber\u00e1n avisar, al menos 24 horas antes de inicio de la actividad, de forma de poder reasignar. ese cupo.<\/li>\n<li>Para la fase presencial la activad contempla: que la presente comisi\u00f3n de capacitaci\u00f3n concede autorizaci\u00f3n con goce de remuneraci\u00f3n y\/o cubierta de turno y reemplazo, para las siguientes jornadas: noche previa antes de cada fecha presencial y durante la fecha presencial para quien lo requiera. La actividad de capacitaci\u00f3n contempla descanso complementario por asistir a la actividad en tiempo libre seg\u00fan corresponda. La actividad contempla almuerzo, break jornada de ma\u00f1ana.<\/li>\n<\/ul>\n<p><strong>Selecci\u00f3n de participantes:<\/strong><\/p>\n<ul>\n<li>Calidad contractual por priorizaci\u00f3n:\n<ul>\n<li><strong>1- Titulares<\/strong><\/li>\n<li><strong>2- Contrata<\/strong><\/li>\n<li><strong>3- Honorarios<\/strong><\/li>\n<li><strong>4- Contrato Transitorio<\/strong><\/li>\n<\/ul>\n<\/li>\n<li>Que no tenga capacitaci\u00f3n en el tema los \u00faltimos 5 a\u00f1os.<\/li>\n<li>Cantidad de cursos realizados en los \u00faltimos 3 a\u00f1os en el HCHM.<\/li>\n<li>N\u00famero de deserciones en los \u00faltimos 2 a\u00f1os en el HCHM.<\/li>\n<li>En caso de deserci\u00f3n o abandono del curso al cual fue seleccionado\/a, debe ser informado v\u00eda correo electr\u00f3nico por la jefatura respectiva al Jefe de Capacitaci\u00f3n, indicando los motivos debidamente justificados o en caso de Licencia M\u00e9dica se debe enviar una copia, en caso contrario se ingresara a su hoja de capacitaciones como \u00abdesertor injustificado\u00bb.<\/li>\n<li>La Secci\u00f3n de Capacitaciones enviara a sus correos electr\u00f3nicos como acceder a nuestra plataforma Moodle, a la cual usted deber\u00e1 ingresar al siguiente link.<br \/>\n<strong>www.capacitacionhospitaldechillan.cl<\/strong><\/li>\n<\/ul>\n<p>Dicha plataforma para ingresar a su curso le solicitar\u00e1 lo siguiente:<br \/>\n<strong>&#8211; Nombre de Usuario<\/strong><br \/>\n<strong>&#8211; Contrase\u00f1a<\/strong><\/p>\n<p>Ambos datos de ingreso ser\u00e1n enviados a sus correos electr\u00f3nicos indicados en la solicitud de capacitaci\u00f3n por la Secci\u00f3n de Capacitaci\u00f3n.<\/p>\n<p>Atte.<\/p>\n<p>Equipo Secci\u00f3n Capacitaci\u00f3n<\/td>\n<\/tr>\n<\/tbody>\n<\/table>\n","protected":false},"excerpt":{"rendered":"<p>&nbsp;<\/p>\n<table class=\"default\">\n<tbody>\n<tr>\n<td><strong>Duraci\u00f3n<\/strong><\/td>\n<td>32 horas pedag\u00f3gicas.<\/td>\n<\/tr>\n<tr>\n<td><strong>Fecha de inicio<\/strong><\/td>\n<td>10-06-2024<\/td>\n<\/tr>\n<tr>\n<td><strong>Fecha de t\u00e9rmino<\/strong><\/td>\n<td>28-06-2024<\/td>\n<\/tr>\n<tr>\n<td><strong>Modalidad<\/strong><\/td>\n<td>B-Learning<\/td>\n<\/tr>\n<tr>\n<td><strong>N\u00b0 Cupos<\/strong><\/td>\n<td>25 cupos disponibles.<\/td>\n<\/tr>\n<tr>\n<td><strong>Perfil de Participante<\/strong><\/td>\n<td>Dirigido a Profesionales Enfermeros,\u00a0 Kinesi\u00f3logos, Fonoaudi\u00f3logos, Terapeuta Ocupacional de las Unidades de Paciente Critico Adulto, Medico Quir\u00fargico, Medicina F\u00edsica y Rehabilitaci\u00f3n y Unidad de Emergencia.<\/td>\n<\/tr>\n<tr>\n<td><strong>Hito Presencial<\/strong><\/td>\n<td>4 de Julio 2024,\u00a0 Centro Simulaci\u00f3n Cl\u00ednica,\u00a0 Universidad Adventista.<\/td>\n<\/tr>\n<tr>\n<td><strong>Plazo Postulaci\u00f3n<\/strong><\/td>\n<td>\u00a006 de Junio 2024<\/td>\n<\/tr>\n<\/tbody>\n<\/table>\n<div style=\"text-align: center\" class=\"seleccionados\">\n<button class=\"btn-seleccionados\" onclick=\"window.modal1.showModal();\">VER SELECCIONADOS<\/button><\/p>\n<p><dialog id=\"modal1\"><\/p>\n<h3 style=\"text-align: center\">SELECCIONADOS<\/h3>\n<div class=\"seleccionados\">[table id=23 \/]<\/div>\n<p>   <button class=\"btn-cerrar\" onclick=\"window.modal1.close();\">Cerrar<\/button><br \/>\n<\/dialog>\n<\/div>\n","protected":false},"featured_media":9907,"template":"","meta":{"_acf_changed":false},"product_brand":[],"product_cat":[115],"product_tag":[141],"class_list":{"0":"post-9909","1":"product","2":"type-product","3":"status-publish","4":"has-post-thumbnail","6":"product_cat-pac","7":"product_tag-ano-2024","9":"first","10":"outofstock","11":"shipping-taxable","12":"purchasable","13":"product-type-simple"},"acf":[],"_links":{"self":[{"href":"https:\/\/capacitacionhospitaldechillan.cl\/home\/wp-json\/wp\/v2\/product\/9909","targetHints":{"allow":["GET"]}}],"collection":[{"href":"https:\/\/capacitacionhospitaldechillan.cl\/home\/wp-json\/wp\/v2\/product"}],"about":[{"href":"https:\/\/capacitacionhospitaldechillan.cl\/home\/wp-json\/wp\/v2\/types\/product"}],"wp:featuredmedia":[{"embeddable":true,"href":"https:\/\/capacitacionhospitaldechillan.cl\/home\/wp-json\/wp\/v2\/media\/9907"}],"wp:attachment":[{"href":"https:\/\/capacitacionhospitaldechillan.cl\/home\/wp-json\/wp\/v2\/media?parent=9909"}],"wp:term":[{"taxonomy":"product_brand","embeddable":true,"href":"https:\/\/capacitacionhospitaldechillan.cl\/home\/wp-json\/wp\/v2\/product_brand?post=9909"},{"taxonomy":"product_cat","embeddable":true,"href":"https:\/\/capacitacionhospitaldechillan.cl\/home\/wp-json\/wp\/v2\/product_cat?post=9909"},{"taxonomy":"product_tag","embeddable":true,"href":"https:\/\/capacitacionhospitaldechillan.cl\/home\/wp-json\/wp\/v2\/product_tag?post=9909"}],"curies":[{"name":"wp","href":"https:\/\/api.w.org\/{rel}","templated":true}]}}